{"id":5428,"date":"2019-04-18T14:53:57","date_gmt":"2019-04-18T14:53:57","guid":{"rendered":"http:\/\/10.1.5.53\/?page_id=5428"},"modified":"2019-09-26T14:17:22","modified_gmt":"2019-09-26T14:17:22","slug":"portes-ouvertes-sur-le-cdta","status":"publish","type":"page","link":"https:\/\/www.cdta.dz\/fr\/cdta-societe\/portes-ouvertes-sur-le-cdta\/","title":{"rendered":"Portes ouvertes sur le CDTA"},"content":{"rendered":"<p><strong>Journ\u00e9es Portes Ouvertes au CDTA<\/strong><\/p>\n<p>Le CDTA a organis\u00e9 <strong>du 04 au 05 avril 2016<\/strong>, en son sein,\u00a0 des journ\u00e9es portes ouvertes sur la Recherche Appliqu\u00e9e sous le th\u00e8me <strong>\u00ab\u00a0Applied Research Days\u00a0\u00bb.<\/strong><\/p>\n<p>Cet \u00e9v\u00e8nement, dessin\u00e9 aux op\u00e9rateurs \u00e9conomiques, \u00e0 la communaut\u00e9 universitaire aussi bien aux enseignants qu\u2019aux \u00e9tudiants et au grand public a \u00e9t\u00e9 de par la qualit\u00e9 de ses participants, une opportunit\u00e9 de rapprochement et d\u2019\u00e9change entre les acteurs alg\u00e9riens de la R&amp;D et de l\u2019innovation.<\/p>\n<p>En vue de favoriser l\u2019\u00e9change et le rapprochement avec l\u2019industrie alg\u00e9rienne et vulgariser l\u2019activit\u00e9 au sein du CDTA, cette manifestation a eu pour but\u00a0 de pr\u00e9senter\u00a0 l\u2019expertise du Centre \u00e0 travers des produits technologiques issus de la recherche appliqu\u00e9e<\/p>\n<p>Le programme des journ\u00e9es s\u2019est d\u00e9roul\u00e9\u00a0 en deux jours comme suite :<\/p>\n<p>1ere journ\u00e9e &#8211; Lundi 04 Avril 2016<\/p>\n<p>&#8211; Allocution de Monsieur le secr\u00e9taire g\u00e9n\u00e9ral de Monsieur le Ministre de l&rsquo;Enseignement Sup\u00e9rieur et de la Recherche Scientifique<\/p>\n<p>&#8211; Pr\u00e9sentation des activit\u00e9s R&amp;D du CDTA Dr. Yassine DJERIDANE Directeur du CDTA.<\/p>\n<p>&#8211; Signature d\u2019une Convention de partenariat \u00ab CDTA &amp; ANVREDET \u00bb portant sur la cr\u00e9ation d\u2019un\u00a0 \u00ab Incubateur \u00bb\u00a0 au CDTA\u00a0\u00a0\u00a0\u00a0\u00a0 Directeur du CDTA &amp;Directrice de l\u2019ANVREDET.<\/p>\n<p>&#8211;\u00a0 Visite des Stands \u00ab Exposition des produits technologiques \u00bb<\/p>\n<p>&#8211;\u00a0 Visite guid\u00e9e de la centrale Technologique de la micro\u00e9lectronique<\/p>\n<p>&#8211;\u00a0 Visite guid\u00e9e du centre de prototypage<\/p>\n<p>&#8211; Conf\u00e9rence pl\u00e9ni\u00e8re 01 : \u00ab Le Savoir et le Savoir Faire\u00bb Pr. Abdelhafid AOURAG Le Directeur de la DG-RSDT.<\/p>\n<p>&#8211; Conf\u00e9rence pl\u00e9ni\u00e8re 02 : \u00ab Transfert de Technologie, l\u2019incubation et la cr\u00e9ation d\u2019entreprises Mme. Djamila HALICHE Directrice de l\u2019ANVREDET.<\/p>\n<p>&#8211; Conf\u00e9rence pl\u00e9ni\u00e8re 03 : Facilitation d\u2019Ecosyst\u00e8mes Technologiques &#8211;\u00a0\u00a0 Cas de la micro-nano\u00e9lectronique en Alg\u00e9rie\u00a0\u00a0\u00a0\u00a0\u00a0\u00a0\u00a0\u00a0\u00a0\u00a0\u00a0 Dr. Samir TAGZOUT (CDTA)<\/p>\n<p>&#8211; Conf\u00e9rence pl\u00e9ni\u00e8re 04 : \u00ab Logiciel libre Opportunit\u00e9 pour rattraper le retard technologique &#8211; Cas des technologies Cloud \u00bb\u00a0 Dr. Amine BOUABDALLAH Responsable du projet CLOUD (CDTA).<\/p>\n<p>&#8211; Visite des Stands \u00ab Exposition des produits technologiques.<\/p>\n<p>2eme journ\u00e9e &#8211; Mardi 05 Avril 2016<\/p>\n<p>&nbsp;<\/p>\n<p>&#8211; Conf\u00e9rence pl\u00e9ni\u00e8re 05 : Ce qui va changer pour le rapprochement Industrie-Universit\u00e9 avec l\u2019av\u00e8nement de la Nouvelle Loi d\u2019Orientation sur la Recherche Scientifique et le D\u00e9veloppement Technologique Dr. Mohamed KHODJA\u00a0 Directeur de Recherche \/SONATRACH-Direction Centrale Recherche et D\u00e9veloppement..<\/p>\n<p>&#8211; Conf\u00e9rence pl\u00e9ni\u00e8re 06 : \u00ab Dispositif d\u2019encouragement \u00e0 l\u2019investissement \u00bb. Mme. Safia\u00a0 OUIRET<\/p>\n<p>Directrice d\u2019\u00e9tudes \u00e0 l\u2019Agence nationale de d\u00e9veloppement de l\u2019investissement (ANDI).<\/p>\n<p>&#8211; Conf\u00e9rence pl\u00e9ni\u00e8re 07 : \u00ab La technologie du CDTA dans le monde socio\u00e9conomique : SATICOM de la filiale \u00e0 la Joint-Venture Dr. Noureddine OUADAH Directeur Adjoint du CDTA<\/p>\n<p>&#8211; Cl\u00f4ture de l\u2019\u00e9v\u00e8nement par une conf\u00e9rence d\u00e9bat animer Monsieur Noureddine OUADAH\u00a0\u00a0\u00a0\u00a0 Directeur Adjoint du CDTA.<\/p>\n<p><strong><em>La participation en chiffres\u00a0:<\/em><\/strong><\/p>\n<p>L\u2019\u00e9v\u00e8nement a enregistr\u00e9 au total la pr\u00e9sence de 174 de diff\u00e9rents secteurs, notamment le secteur militaire et de la s\u00e9curit\u00e9 nationale, entre officiers et responsables des structures et \u00e9coles du secteur, des institutions de l\u2019administration publique ont \u00e9t\u00e9 repr\u00e9sent\u00e9es par la pr\u00e9sence des directeurs g\u00e9n\u00e9raux, secr\u00e9taires G\u00e9n\u00e9raux\u00a0 etc\u2026<\/p>\n<p>Le secteur de l\u2019enseignement sup\u00e9rieur et recherche scientifique a \u00e9galement pris place \u00e0 cette rencontre via les directeurs de centre de recherche, responsables et\u00a0 de laboratoires, enseignants et chercheurs qui ont exprim\u00e9 un souhait de collaboration scientifique.<\/p>\n<p>Les \u00e9tudiants sont venus de diff\u00e9rentes universit\u00e9s et \u00e9coles (USTHB, universit\u00e9 de\u00a0: Blida, Tizi Ouzou, Boumerdes, Constantine et \u00e9cole polytechnique\u2026\u2026).<\/p>\n<p>L\u2019industrie n\u2019a pas manqu\u00e9 durant ces deux journ\u00e9es, des entreprises \u00e9taient pr\u00e9sentes \u00e0 travers la visite de leurs responsables et cadres qui ont \u00e9mis une volont\u00e9 de partenariat en R&amp;D, elles ont aussi exprim\u00e9 la n\u00e9cessit\u00e9 du rapprochement entre les centre de recherche et\u00a0 institutions le secteur industriel.<\/p>\n","protected":false},"excerpt":{"rendered":"<p>Journ\u00e9es Portes Ouvertes au CDTA Le CDTA a organis\u00e9 du 04 au 05 avril 2016, en son sein,\u00a0 des journ\u00e9es portes ouvertes sur la Recherche Appliqu\u00e9e sous le th\u00e8me \u00ab\u00a0Applied Research Days\u00a0\u00bb. Cet \u00e9v\u00e8nement, dessin\u00e9 aux op\u00e9rateurs \u00e9conomiques, \u00e0 la communaut\u00e9 universitaire aussi bien aux enseignants qu\u2019aux \u00e9tudiants et au grand public a \u00e9t\u00e9 de [&hellip;]<\/p>\n","protected":false},"author":46,"featured_media":2195,"parent":5538,"menu_order":0,"comment_status":"closed","ping_status":"closed","template":"","meta":{"footnotes":""},"class_list":["post-5428","page","type-page","status-publish","has-post-thumbnail","hentry"],"_links":{"self":[{"href":"https:\/\/www.cdta.dz\/fr\/wp-json\/wp\/v2\/pages\/5428\/"}],"collection":[{"href":"https:\/\/www.cdta.dz\/fr\/wp-json\/wp\/v2\/pages\/"}],"about":[{"href":"https:\/\/www.cdta.dz\/fr\/wp-json\/wp\/v2\/types\/page\/"}],"author":[{"embeddable":true,"href":"https:\/\/www.cdta.dz\/fr\/wp-json\/wp\/v2\/users\/46\/"}],"replies":[{"embeddable":true,"href":"https:\/\/www.cdta.dz\/fr\/wp-json\/wp\/v2\/comments\/?post=5428"}],"version-history":[{"count":0,"href":"https:\/\/www.cdta.dz\/fr\/wp-json\/wp\/v2\/pages\/5428\/revisions\/"}],"up":[{"embeddable":true,"href":"https:\/\/www.cdta.dz\/fr\/wp-json\/wp\/v2\/pages\/5538\/"}],"wp:featuredmedia":[{"embeddable":true,"href":"https:\/\/www.cdta.dz\/fr\/wp-json\/wp\/v2\/media\/2195\/"}],"wp:attachment":[{"href":"https:\/\/www.cdta.dz\/fr\/wp-json\/wp\/v2\/media\/?parent=5428"}],"curies":[{"name":"wp","href":"https:\/\/api.w.org\/{rel}","templated":true}]}}