{"id":5862,"date":"2019-05-13T11:39:26","date_gmt":"2019-05-13T11:39:26","guid":{"rendered":"http:\/\/10.1.5.53\/?page_id=5862"},"modified":"2019-09-25T14:09:19","modified_gmt":"2019-09-25T14:09:19","slug":"les-contrats-recherche-et-developpement","status":"publish","type":"page","link":"https:\/\/www.cdta.dz\/fr\/valorisation\/partenariat\/les-contrats-recherche-et-developpement\/","title":{"rendered":"Les Contrats R&amp;D"},"content":{"rendered":"<p>[vc_row][vc_column][vc_column_text]<\/p>\n<h3><\/h3>\n<h3>Partenaires du CDTA<\/h3>\n<h3><\/h3>\n<h3><\/h3>\n<h3><\/h3>\n<h3>Universit\u00e9s<\/h3>\n<p>&nbsp;<\/p>\n<p>&nbsp;<\/p>\n<p><strong>Universit\u00e9 Abderrahmane MIRA de Beja\u00efa<\/strong><\/p>\n<p><strong><br \/>\n<a href=\"https:\/\/www.google.com\/search?rlz=1C1GCEA_enDZ817DZ817&amp;q=yahoo!+cr%C3%A9ation&amp;stick=H4sIAAAAAAAAAOPgE-LUz9U3MLQsyjHTUs1OttLPL0pPzMusSizJzM9D4Vil5ZfmpaSmLGIVqEzMyM9XVEguOrwSLAUA9KKpB0cAAAA&amp;sa=X&amp;ved=2ahUKEwjLtJzRs_fhAhW75OAKHZCtBEoQ6BMoADARegQICxAG\">Cr\u00e9ation<\/a><\/strong>\u00a0:\u00a01983<\/p>\n<p>Recteur : Pr SAIDANI B.<\/p>\n<p><strong><a href=\"https:\/\/www.google.com\/search?rlz=1C1GCEA_enDZ817DZ817&amp;q=yahoo!+si%C3%A8ge+social&amp;stick=H4sIAAAAAAAAAOPgE-LUz9U3MLQsyjHT0spOttLPL0pPzMusSizJzM9D4VhlpCamFJYmFpWkFhUvYhWpTMzIz1dUKM48vCI9VaE4PzkzMQcA-b6JblAAAAA&amp;sa=X&amp;ved=2ahUKEwjLtJzRs_fhAhW75OAKHZCtBEoQ6BMoADATegQICxAN\">Si\u00e8ge social<\/a><\/strong>\u00a0:\u00a0Campus Aboudaou Route de Tichy RN9 &#8211;\u00a0<em>B\u00e9jaia<\/em><\/p>\n<p>Contacts\u00a0: <strong>T\u00e9l.\u00a0<\/strong>00213 34 81 68 20 \u00a0<strong>Fax.\u00a0<\/strong>00213 34 81 68 20<\/p>\n<p>Site web: <a href=\"https:\/\/www.univ-bejaia.dz\/\">https:\/\/www.univ-bejaia.dz\/<\/a><\/p>\n<p><strong>Objet de la convention:<\/strong> Convention de coop\u00e9ration<\/p>\n<p><strong>Dur\u00e9e de la convention\u00a0:<\/strong> 03\/2009-02\/2012<\/p>\n<p><strong>\u00a0<\/strong><\/p>\n<p>&nbsp;<\/p>\n<p><strong>Universit\u00e9 Badji Mokhtar d\u2019Annaba<\/strong><\/p>\n<p><strong><br \/>\n<a href=\"https:\/\/www.google.com\/search?rlz=1C1GCEA_enDZ817DZ817&amp;q=yahoo!+cr%C3%A9ation&amp;stick=H4sIAAAAAAAAAOPgE-LUz9U3MLQsyjHTUs1OttLPL0pPzMusSizJzM9D4Vil5ZfmpaSmLGIVqEzMyM9XVEguOrwSLAUA9KKpB0cAAAA&amp;sa=X&amp;ved=2ahUKEwjLtJzRs_fhAhW75OAKHZCtBEoQ6BMoADARegQICxAG\">Cr\u00e9ation<\/a><\/strong>\u00a0:\u00a01975<\/p>\n<h3>Recteur : Pr. HAIAHEM Ammar<\/h3>\n<p><strong><a href=\"https:\/\/www.google.com\/search?rlz=1C1GCEA_enDZ817DZ817&amp;q=yahoo!+si%C3%A8ge+social&amp;stick=H4sIAAAAAAAAAOPgE-LUz9U3MLQsyjHT0spOttLPL0pPzMusSizJzM9D4VhlpCamFJYmFpWkFhUvYhWpTMzIz1dUKM48vCI9VaE4PzkzMQcA-b6JblAAAAA&amp;sa=X&amp;ved=2ahUKEwjLtJzRs_fhAhW75OAKHZCtBEoQ6BMoADATegQICxAN\">Si\u00e8ge social<\/a><\/strong>\u00a0:\u00a0Universit\u00e9 Badji Mokhtar -Annaba- B.P.12, Annaba, 23000 Algeria<\/p>\n<p>Contacts: T\u00e9l. +213 (0) 38 87 24 36\u00a0\u00a0 <strong>Fax. <\/strong>+213 (0) 38 87 17 47<\/p>\n<p>Site web: <a href=\"https:\/\/www.univ-annaba.dz\/\">https:\/\/www.univ-annaba.dz\/<\/a><\/p>\n<p><strong>Objet de la convention:<\/strong> Partenariat Universitaire Alg\u00e9ro- Qu\u00e9becois<\/p>\n<p><strong>Dur\u00e9e de la convention\u00a0:<\/strong> 2008\/2010<\/p>\n<p>&nbsp;<\/p>\n<p>&nbsp;<\/p>\n<p>&nbsp;<\/p>\n<p>&nbsp;<\/p>\n<p><strong>Universit\u00e9 Fr\u00e8res Mentouri Constantine 1<br \/>\n<\/strong><\/p>\n<p><strong><a href=\"https:\/\/www.google.com\/search?rlz=1C1GCEA_enDZ817DZ817&amp;q=yahoo!+cr%C3%A9ation&amp;stick=H4sIAAAAAAAAAOPgE-LUz9U3MLQsyjHTUs1OttLPL0pPzMusSizJzM9D4Vil5ZfmpaSmLGIVqEzMyM9XVEguOrwSLAUA9KKpB0cAAAA&amp;sa=X&amp;ved=2ahUKEwjLtJzRs_fhAhW75OAKHZCtBEoQ6BMoADARegQICxAG\">Cr\u00e9ation<\/a><\/strong>\u00a0:\u00a01968<\/p>\n<p>Recteur : Pr DJEKOUN Abdelhamid<\/p>\n<p><strong><a href=\"https:\/\/www.google.com\/search?rlz=1C1GCEA_enDZ817DZ817&amp;q=yahoo!+si%C3%A8ge+social&amp;stick=H4sIAAAAAAAAAOPgE-LUz9U3MLQsyjHT0spOttLPL0pPzMusSizJzM9D4VhlpCamFJYmFpWkFhUvYhWpTMzIz1dUKM48vCI9VaE4PzkzMQcA-b6JblAAAAA&amp;sa=X&amp;ved=2ahUKEwjLtJzRs_fhAhW75OAKHZCtBEoQ6BMoADATegQICxAN\">Si\u00e8ge social<\/a><\/strong>\u00a0:\u00a0Constantine, BP, 325 Route de Ain El Bey, Alg\u00e9rie, 25017<\/p>\n<p>Contacts\u00a0: T\u00e9l. \u00a0+213(0)31 81 12 71<\/p>\n<p>Site web: <a href=\"https:\/\/www.umc.edu.dz\">https:\/\/www.umc.edu.dz<\/a><\/p>\n<p><strong>Objet de la convention:<\/strong> Convention<\/p>\n<p><strong>Dur\u00e9e de la convention\u00a0:<\/strong> 10\/2005<\/p>\n<p>&nbsp;<\/p>\n<p>&nbsp;<\/p>\n<p><strong>Universit\u00e9 Dr Yahia Far\u00e8s de M\u00e9d\u00e9a<br \/>\n<\/strong><\/p>\n<p><strong><a href=\"https:\/\/www.google.com\/search?rlz=1C1GCEA_enDZ817DZ817&amp;q=yahoo!+cr%C3%A9ation&amp;stick=H4sIAAAAAAAAAOPgE-LUz9U3MLQsyjHTUs1OttLPL0pPzMusSizJzM9D4Vil5ZfmpaSmLGIVqEzMyM9XVEguOrwSLAUA9KKpB0cAAAA&amp;sa=X&amp;ved=2ahUKEwjLtJzRs_fhAhW75OAKHZCtBEoQ6BMoADARegQICxAG\">Cr\u00e9ation<\/a><\/strong>\u00a0:\u00a01988<\/p>\n<p>Recteur : <strong>Pr. HAMIDI Youcef<\/strong><\/p>\n<p><strong><a href=\"https:\/\/www.google.com\/search?rlz=1C1GCEA_enDZ817DZ817&amp;q=yahoo!+si%C3%A8ge+social&amp;stick=H4sIAAAAAAAAAOPgE-LUz9U3MLQsyjHT0spOttLPL0pPzMusSizJzM9D4VhlpCamFJYmFpWkFhUvYhWpTMzIz1dUKM48vCI9VaE4PzkzMQcA-b6JblAAAAA&amp;sa=X&amp;ved=2ahUKEwjLtJzRs_fhAhW75OAKHZCtBEoQ6BMoADATegQICxAN\">Si\u00e8ge social<\/a><\/strong>\u00a0:\u00a0P\u00f4le universitaire M\u00e9d\u00e9a, M\u00e9d\u00e9a<\/p>\n<p>Contacts\u00a0: <strong>T\u00e9l. \u00a0<\/strong>+213 25 78 58 11 <strong>Fax. <\/strong>\u00a025 78 56 28<\/p>\n<p>Site web: <u><a href=\"https:\/\/www.univ-medea.dz\/fr\/\">https:\/\/www.univ-medea.dz\/<\/a><\/u><\/p>\n<p><strong>Objet de la convention:<\/strong> Convention de coop\u00e9ration et d\u2019\u00e9changes<\/p>\n<p><strong>Dur\u00e9e de la convention\u00a0:<\/strong> 04\/2010-03\/2013<\/p>\n<p>&nbsp;<\/p>\n<p><strong>\u00a0<\/strong><\/p>\n<p><strong>Universit\u00e9 des Sciences et de la Technologie Houari Boumediene<\/strong><\/p>\n<p>&nbsp;<\/p>\n<p><strong><a href=\"https:\/\/www.google.com\/search?rlz=1C1GCEA_enDZ817DZ817&amp;q=yahoo!+cr%C3%A9ation&amp;stick=H4sIAAAAAAAAAOPgE-LUz9U3MLQsyjHTUs1OttLPL0pPzMusSizJzM9D4Vil5ZfmpaSmLGIVqEzMyM9XVEguOrwSLAUA9KKpB0cAAAA&amp;sa=X&amp;ved=2ahUKEwjLtJzRs_fhAhW75OAKHZCtBEoQ6BMoADARegQICxAG\">Cr\u00e9ation<\/a><\/strong>\u00a0:\u00a01974<\/p>\n<p>Recteur : Pr.\u00a0 SAIDI Mohamed<\/p>\n<p><strong><a href=\"https:\/\/www.google.com\/search?rlz=1C1GCEA_enDZ817DZ817&amp;q=yahoo!+si%C3%A8ge+social&amp;stick=H4sIAAAAAAAAAOPgE-LUz9U3MLQsyjHT0spOttLPL0pPzMusSizJzM9D4VhlpCamFJYmFpWkFhUvYhWpTMzIz1dUKM48vCI9VaE4PzkzMQcA-b6JblAAAAA&amp;sa=X&amp;ved=2ahUKEwjLtJzRs_fhAhW75OAKHZCtBEoQ6BMoADATegQICxAN\">Si\u00e8ge social<\/a><\/strong>\u00a0: BP 32 El Alia 16111, Bab Ezzouar, Alger<\/p>\n<p>Contacts\u00a0: T\u00e9l. \u00a0+213 21 24 79 50 \u00e0 60\u00a0\u00a0 Fax. \u00a0+213 21 24 79 04<\/p>\n<p>Site web: <u>https:\/\/www.usthb.dz\/<\/u><\/p>\n<p><strong>Objet de la convention:<\/strong> Convention de coop\u00e9ration<\/p>\n<p><strong>Dur\u00e9e de la convention\u00a0:<\/strong> 11\/2001-10\/2004<\/p>\n<p>&nbsp;<\/p>\n<p><strong>\u00a0<\/strong><\/p>\n<p><strong>\u00a0<\/strong><\/p>\n<p><strong>Universit\u00e9 Hassiba Benbouali de Chlef <\/strong><\/p>\n<p><strong><a href=\"https:\/\/www.google.com\/search?rlz=1C1GCEA_enDZ817DZ817&amp;q=yahoo!+cr%C3%A9ation&amp;stick=H4sIAAAAAAAAAOPgE-LUz9U3MLQsyjHTUs1OttLPL0pPzMusSizJzM9D4Vil5ZfmpaSmLGIVqEzMyM9XVEguOrwSLAUA9KKpB0cAAAA&amp;sa=X&amp;ved=2ahUKEwjLtJzRs_fhAhW75OAKHZCtBEoQ6BMoADARegQICxAG\">Cr\u00e9ation<\/a><\/strong>\u00a0:\u00a01983<\/p>\n<p>Recteur : <strong>Pr. CHOUKRI Ali <\/strong><\/p>\n<p><strong><a href=\"https:\/\/www.google.com\/search?rlz=1C1GCEA_enDZ817DZ817&amp;q=yahoo!+si%C3%A8ge+social&amp;stick=H4sIAAAAAAAAAOPgE-LUz9U3MLQsyjHT0spOttLPL0pPzMusSizJzM9D4VhlpCamFJYmFpWkFhUvYhWpTMzIz1dUKM48vCI9VaE4PzkzMQcA-b6JblAAAAA&amp;sa=X&amp;ved=2ahUKEwjLtJzRs_fhAhW75OAKHZCtBEoQ6BMoADATegQICxAN\">Si\u00e8ge social<\/a><\/strong>\u00a0:\u00a0B.P 78C, Ouled Fares 02180 Chlef, Alg\u00e9rie<\/p>\n<p>Contacts\u00a0: <strong>T\u00e9l.<\/strong> +213 (0)27 72 70 55\u00a0 <strong>Fax.<\/strong> +213 (0)27 72 70 55\/+213 (0)27 72 70 59<\/p>\n<p>Site web: <a href=\"https:\/\/www.univ-chlef.dz\/\">https:\/\/www.univ-chlef.dz\/<\/a><\/p>\n<p><strong>Objet de la convention:<\/strong> Convention de coop\u00e9ration<\/p>\n<p><strong>Dur\u00e9e de la convention\u00a0:<\/strong> 02\/2011-01\/2012<\/p>\n<p>&nbsp;<\/p>\n<p>&nbsp;<\/p>\n<p><strong>Universit\u00e9 Kasdi Merbah de Ouargla<\/strong><\/p>\n<p><strong><a href=\"https:\/\/www.google.com\/search?rlz=1C1GCEA_enDZ817DZ817&amp;q=yahoo!+cr%C3%A9ation&amp;stick=H4sIAAAAAAAAAOPgE-LUz9U3MLQsyjHTUs1OttLPL0pPzMusSizJzM9D4Vil5ZfmpaSmLGIVqEzMyM9XVEguOrwSLAUA9KKpB0cAAAA&amp;sa=X&amp;ved=2ahUKEwjLtJzRs_fhAhW75OAKHZCtBEoQ6BMoADARegQICxAG\">Cr\u00e9ation<\/a><\/strong>\u00a0:\u00a01988<\/p>\n<p>Recteur : BOUTARFAIA Ahmed<\/p>\n<p><strong><a href=\"https:\/\/www.google.com\/search?rlz=1C1GCEA_enDZ817DZ817&amp;q=yahoo!+si%C3%A8ge+social&amp;stick=H4sIAAAAAAAAAOPgE-LUz9U3MLQsyjHT0spOttLPL0pPzMusSizJzM9D4VhlpCamFJYmFpWkFhUvYhWpTMzIz1dUKM48vCI9VaE4PzkzMQcA-b6JblAAAAA&amp;sa=X&amp;ved=2ahUKEwjLtJzRs_fhAhW75OAKHZCtBEoQ6BMoADATegQICxAN\">Si\u00e8ge social<\/a><\/strong>\u00a0:\u00a0Ouargla\u00a0Route de Ghardaia,\u00a0BP.511,\u00a030\u00a0000, Alg\u00e9rie<\/p>\n<p>Contacts\u00a0: <strong>T\u00e9l.<\/strong>\u00a0029-71-19-02 \/\u00a0029-71-24-68 \u00a0<strong>Fax.<\/strong>\u00a0029-71-36-54<\/p>\n<p>Site web: <a href=\"https:\/\/www.univ-ouargla.dz\/\">https:\/\/www.univ-ouargla.dz\/<\/a><\/p>\n<p><strong>Objet de la convention:<\/strong> Convention cadre de coop\u00e9ration scientifique<\/p>\n<p><strong>Dur\u00e9e de la convention\u00a0:<\/strong> 02\/2008-01\/2013<\/p>\n<p>&nbsp;<\/p>\n<p><strong>\u00a0<\/strong><\/p>\n<p><strong>Universit\u00e9 M\u2019Hamed Bougara Boumerd\u00e8s<\/strong><\/p>\n<p><strong><a href=\"https:\/\/www.google.com\/search?rlz=1C1GCEA_enDZ817DZ817&amp;q=yahoo!+cr%C3%A9ation&amp;stick=H4sIAAAAAAAAAOPgE-LUz9U3MLQsyjHTUs1OttLPL0pPzMusSizJzM9D4Vil5ZfmpaSmLGIVqEzMyM9XVEguOrwSLAUA9KKpB0cAAAA&amp;sa=X&amp;ved=2ahUKEwjLtJzRs_fhAhW75OAKHZCtBEoQ6BMoADARegQICxAG\">Cr\u00e9ation<\/a><\/strong>\u00a0:\u00a01998<\/p>\n<p>Recteur : <strong>Pr. ABADLIA Mohamed-Tahar\u00a0<\/strong><\/p>\n<p><strong><a href=\"https:\/\/www.google.com\/search?rlz=1C1GCEA_enDZ817DZ817&amp;q=yahoo!+si%C3%A8ge+social&amp;stick=H4sIAAAAAAAAAOPgE-LUz9U3MLQsyjHT0spOttLPL0pPzMusSizJzM9D4VhlpCamFJYmFpWkFhUvYhWpTMzIz1dUKM48vCI9VaE4PzkzMQcA-b6JblAAAAA&amp;sa=X&amp;ved=2ahUKEwjLtJzRs_fhAhW75OAKHZCtBEoQ6BMoADATegQICxAN\">Si\u00e8ge social<\/a><\/strong>\u00a0:\u00a0Avenue de l&rsquo;ind\u00e9pendance, 35000, Boumerd\u00e8s, Algerie<\/p>\n<p>Contacts\u00a0: <strong>Fax\/T\u00e9l.<\/strong>\u00a0(024) 79 52 76<\/p>\n<p>Site web: <a href=\"https:\/\/www.univ-boumerdes.dz\/\">https:\/\/www.univ-boumerdes.dz\/<\/a><\/p>\n<p><strong>Objet de la convention:<\/strong> Convention cadre de coop\u00e9ration<\/p>\n<p><strong>Dur\u00e9e de la convention\u00a0:<\/strong> 04\/2006<\/p>\n<p>&nbsp;<\/p>\n<p>&nbsp;<\/p>\n<p><strong>Universit\u00e9 Saad Dahlab <\/strong><\/p>\n<p><strong><a href=\"https:\/\/www.google.com\/search?rlz=1C1GCEA_enDZ817DZ817&amp;q=yahoo!+cr%C3%A9ation&amp;stick=H4sIAAAAAAAAAOPgE-LUz9U3MLQsyjHTUs1OttLPL0pPzMusSizJzM9D4Vil5ZfmpaSmLGIVqEzMyM9XVEguOrwSLAUA9KKpB0cAAAA&amp;sa=X&amp;ved=2ahUKEwjLtJzRs_fhAhW75OAKHZCtBEoQ6BMoADARegQICxAG\">Cr\u00e9ation<\/a><\/strong>\u00a0:\u00a01981<\/p>\n<p>Recteur : M. BEZZINA Mohamed<\/p>\n<p><strong><a href=\"https:\/\/www.google.com\/search?rlz=1C1GCEA_enDZ817DZ817&amp;q=yahoo!+si%C3%A8ge+social&amp;stick=H4sIAAAAAAAAAOPgE-LUz9U3MLQsyjHT0spOttLPL0pPzMusSizJzM9D4VhlpCamFJYmFpWkFhUvYhWpTMzIz1dUKM48vCI9VaE4PzkzMQcA-b6JblAAAAA&amp;sa=X&amp;ved=2ahUKEwjLtJzRs_fhAhW75OAKHZCtBEoQ6BMoADATegQICxAN\">Si\u00e8ge social<\/a><\/strong>\u00a0:\u00a0Route de Soum\u00e2a BP 270 Blida (09000), Alg\u00e9rie<\/p>\n<p>Contacts\u00a0: T\u00e9l. +213 25 27 24 36\u00a0\u00a0\u00a0 Fax\u00a0. +213 25 27 23 73\/25 05<\/p>\n<p>Site web: <a href=\"https:\/\/www.univ-blida.dz\/\">https:\/\/www.univ-blida.dz\/<\/a><\/p>\n<p><strong>Objet de la convention:<\/strong> Convention de coop\u00e9ration<\/p>\n<p><strong>Dur\u00e9e de la convention\u00a0:<\/strong><\/p>\n<p><strong>\u00a0<\/strong><\/p>\n<p>&nbsp;<\/p>\n<p><strong>Universit\u00e9 Hadj Lakhdar de Batna<\/strong><\/p>\n<p><strong>\u00a0<\/strong><\/p>\n<p><strong><br \/>\n<a href=\"https:\/\/www.google.com\/search?rlz=1C1GCEA_enDZ817DZ817&amp;q=yahoo!+cr%C3%A9ation&amp;stick=H4sIAAAAAAAAAOPgE-LUz9U3MLQsyjHTUs1OttLPL0pPzMusSizJzM9D4Vil5ZfmpaSmLGIVqEzMyM9XVEguOrwSLAUA9KKpB0cAAAA&amp;sa=X&amp;ved=2ahUKEwjLtJzRs_fhAhW75OAKHZCtBEoQ6BMoADARegQICxAG\">Cr\u00e9ation<\/a><\/strong>\u00a0:\u00a01977<\/p>\n<p>Recteur : M. DIF Abdeslam<\/p>\n<p><strong><a href=\"https:\/\/www.google.com\/search?rlz=1C1GCEA_enDZ817DZ817&amp;q=yahoo!+si%C3%A8ge+social&amp;stick=H4sIAAAAAAAAAOPgE-LUz9U3MLQsyjHT0spOttLPL0pPzMusSizJzM9D4VhlpCamFJYmFpWkFhUvYhWpTMzIz1dUKM48vCI9VaE4PzkzMQcA-b6JblAAAAA&amp;sa=X&amp;ved=2ahUKEwjLtJzRs_fhAhW75OAKHZCtBEoQ6BMoADATegQICxAN\">Si\u00e8ge social<\/a><\/strong>\u00a0: All\u00e9es 19 mai, Route de Biskra, Batna 05000, Alg\u00e9rie<\/p>\n<p>Contacts: T\u00e9l. +213 33 31 91 34 Fax +213 33 31 91 30<\/p>\n<p>Site web: <a href=\"https:\/\/www.univ-batna.dz\/\">https:\/\/www.univ-batna.dz\/<\/a><\/p>\n<p><strong>Objet du partenariat: <\/strong>Convention cadre de collaboration scientifique et technologique<\/p>\n<p><strong>Dur\u00e9e de la convention\u00a0: <\/strong>26\/02\/2012\/2015<\/p>\n<p>&nbsp;<\/p>\n<p><strong>\u00a0<\/strong><\/p>\n<p><strong>Technische Universitat Dortmund<\/strong><\/p>\n<p>&nbsp;<\/p>\n<p><strong><a href=\"https:\/\/www.google.com\/search?rlz=1C1GCEA_enDZ817DZ817&amp;q=yahoo!+cr%C3%A9ation&amp;stick=H4sIAAAAAAAAAOPgE-LUz9U3MLQsyjHTUs1OttLPL0pPzMusSizJzM9D4Vil5ZfmpaSmLGIVqEzMyM9XVEguOrwSLAUA9KKpB0cAAAA&amp;sa=X&amp;ved=2ahUKEwjLtJzRs_fhAhW75OAKHZCtBEoQ6BMoADARegQICxAG\">Cr\u00e9ation<\/a><\/strong>\u00a0:\u00a01968<\/p>\n<p>Rectrice : Mme <a href=\"https:\/\/www.google.com\/search?rlz=1C1GCEA_enDZ817DZ817&amp;q=Ursula+Gather&amp;stick=H4sIAAAAAAAAAONgVuLSz9U3yDA3LcowWMTKG1pUXJqTqOCeWJKRWgQAuKFNsB4AAAA&amp;sa=X&amp;ved=2ahUKEwib7emsgIniAhUF-YUKHb4OCEAQmxMoATAYegQICxAK\">Ursula Gather<\/a><\/p>\n<p><strong><a href=\"https:\/\/www.google.com\/search?rlz=1C1GCEA_enDZ817DZ817&amp;q=yahoo!+si%C3%A8ge+social&amp;stick=H4sIAAAAAAAAAOPgE-LUz9U3MLQsyjHT0spOttLPL0pPzMusSizJzM9D4VhlpCamFJYmFpWkFhUvYhWpTMzIz1dUKM48vCI9VaE4PzkzMQcA-b6JblAAAAA&amp;sa=X&amp;ved=2ahUKEwjLtJzRs_fhAhW75OAKHZCtBEoQ6BMoADATegQICxAN\">Si\u00e8ge social<\/a><\/strong>\u00a0:\u00a0Emil-Figge-Stra\u00dfe 50, 44227 Dortmund, Allemagne<\/p>\n<p>Contacts\u00a0: T\u00e9l. +49(0)231\/755-1<\/p>\n<p>Site web: <u><a href=\"https:\/\/www.tu-dortmund.de\/\">https:\/\/www.tu-dortmund.de\/<\/a><\/u><\/p>\n<p><strong>Objet de la convention:<\/strong> contrat de partenariat (Etablir les relations et cr\u00e9e les fondements de mutuel coop\u00e9ration et la collaboration dans les domaines du CDTA et TUD)<\/p>\n<p><strong>Dur\u00e9e de la convention\u00a0:<\/strong> 11\/07\/ 2013\/2018<\/p>\n<p><strong>\u00a0<\/strong><\/p>\n<p><strong>\u00a0<\/strong><\/p>\n<p><strong>\u00a0<\/strong><\/p>\n<p><strong>\u00a0<\/strong><\/p>\n<p><strong>\u00a0<\/strong><\/p>\n<p><strong>Universit\u00e9 Polytechnique Hauts-de-France <\/strong><\/p>\n<p><strong><br \/>\n<a href=\"https:\/\/www.google.com\/search?rlz=1C1GCEA_enDZ817DZ817&amp;q=yahoo!+cr%C3%A9ation&amp;stick=H4sIAAAAAAAAAOPgE-LUz9U3MLQsyjHTUs1OttLPL0pPzMusSizJzM9D4Vil5ZfmpaSmLGIVqEzMyM9XVEguOrwSLAUA9KKpB0cAAAA&amp;sa=X&amp;ved=2ahUKEwjLtJzRs_fhAhW75OAKHZCtBEoQ6BMoADARegQICxAG\">Cr\u00e9ation<\/a><\/strong>\u00a0:\u00a01964<\/p>\n<h3>Pr\u00e9sident : Pr. ARTIBA \u00a0Abdelhakim<\/h3>\n<p><strong><a href=\"https:\/\/www.google.com\/search?rlz=1C1GCEA_enDZ817DZ817&amp;q=yahoo!+si%C3%A8ge+social&amp;stick=H4sIAAAAAAAAAOPgE-LUz9U3MLQsyjHT0spOttLPL0pPzMusSizJzM9D4VhlpCamFJYmFpWkFhUvYhWpTMzIz1dUKM48vCI9VaE4PzkzMQcA-b6JblAAAAA&amp;sa=X&amp;ved=2ahUKEwjLtJzRs_fhAhW75OAKHZCtBEoQ6BMoADATegQICxAN\">Si\u00e8ge social<\/a><\/strong>\u00a0:\u00a0Le Mont-Houy, 59313 Valenciennes cedex 9<\/p>\n<p>Contacts\u00a0: T\u00e9l : +33 03 27\u00a0 51 12 34<\/p>\n<p>Site web: <a href=\"https:\/\/www.uphf.fr\/\">https:\/\/www.uphf.fr\/<\/a><\/p>\n<p><strong>Objet de la convention:<\/strong> Accord-cadre de coop\u00e9ration<\/p>\n<p><strong>Dur\u00e9e de la convention\u00a0:<\/strong> 24\/10\/2013\/2018<\/p>\n<p>&nbsp;<\/p>\n<p><strong>\u00a0<\/strong><\/p>\n<p><strong>\u00a0<\/strong><\/p>\n<p>&nbsp;<\/p>\n<p><strong>Universit\u00e9 Abou Bekr Belkaid (Facult\u00e9 des sciences -D\u00e9partement de Physique)<\/strong><\/p>\n<p>&nbsp;<\/p>\n<p><strong><a href=\"https:\/\/www.google.com\/search?rlz=1C1GCEA_enDZ817DZ817&amp;q=yahoo!+cr%C3%A9ation&amp;stick=H4sIAAAAAAAAAOPgE-LUz9U3MLQsyjHTUs1OttLPL0pPzMusSizJzM9D4Vil5ZfmpaSmLGIVqEzMyM9XVEguOrwSLAUA9KKpB0cAAAA&amp;sa=X&amp;ved=2ahUKEwjLtJzRs_fhAhW75OAKHZCtBEoQ6BMoADARegQICxAG\">Cr\u00e9ation<\/a><\/strong>\u00a0:\u00a01974<\/p>\n<p>Recteur : M. <strong>BOUCHERIT Kebir<\/strong><\/p>\n<p><strong><a href=\"https:\/\/www.google.com\/search?rlz=1C1GCEA_enDZ817DZ817&amp;q=yahoo!+si%C3%A8ge+social&amp;stick=H4sIAAAAAAAAAOPgE-LUz9U3MLQsyjHT0spOttLPL0pPzMusSizJzM9D4VhlpCamFJYmFpWkFhUvYhWpTMzIz1dUKM48vCI9VaE4PzkzMQcA-b6JblAAAAA&amp;sa=X&amp;ved=2ahUKEwjLtJzRs_fhAhW75OAKHZCtBEoQ6BMoADATegQICxAN\">Si\u00e8ge social<\/a><\/strong>\u00a0:\u00a022, Rue Abi Ayed Abdelkrim Fg Pasteur B.P 119 13000, Tlemcen, Alg\u00e9rie<\/p>\n<p>Contacts\u00a0: T\u00e9l. +213\u00a0 43 41 11 89\u00a0 <strong>Fax +<\/strong>213 43 41 11 91<\/p>\n<p>Site web: <a href=\"https:\/\/www.univ-tlemcen.dz\/fr\">https:\/\/www.univ-tlemcen.dz\/fr<\/a><\/p>\n<p><strong>Objet de la convention:<\/strong> Convention de coop\u00e9ration<\/p>\n<p><strong>Dur\u00e9e de la convention\u00a0:<\/strong> 01\/02\/2016\/2019<\/p>\n<p><strong>\u00a0<\/strong><\/p>\n<p>&nbsp;<\/p>\n<p><strong>\u00a0<\/strong><\/p>\n<p><strong>Universit\u00e9 d&rsquo;Evry Val d&rsquo;Essonne <\/strong><\/p>\n<p><strong><a href=\"https:\/\/www.google.com\/search?rlz=1C1GCEA_enDZ817DZ817&amp;q=yahoo!+cr%C3%A9ation&amp;stick=H4sIAAAAAAAAAOPgE-LUz9U3MLQsyjHTUs1OttLPL0pPzMusSizJzM9D4Vil5ZfmpaSmLGIVqEzMyM9XVEguOrwSLAUA9KKpB0cAAAA&amp;sa=X&amp;ved=2ahUKEwjLtJzRs_fhAhW75OAKHZCtBEoQ6BMoADARegQICxAG\">Cr\u00e9ation<\/a><\/strong>\u00a0:\u00a01991<\/p>\n<p>Pr\u00e9sident : M. CURMI <a href=\"https:\/\/www.google.com\/search?rlz=1C1GCEA_enDZ817DZ817&amp;q=Patrick+Curmi&amp;stick=H4sIAAAAAAAAAONgVuLVT9c3NEwzyE0pqsw2XsTKG5BYUpSZnK3gXFqUmwkAtKGtISEAAAA&amp;sa=X&amp;ved=2ahUKEwiVgOXhqo7iAhWy1uAKHetvDBAQmxMoATAXegQICxAK\">Patrick <\/a><\/p>\n<p><strong><a href=\"https:\/\/www.google.com\/search?rlz=1C1GCEA_enDZ817DZ817&amp;q=yahoo!+si%C3%A8ge+social&amp;stick=H4sIAAAAAAAAAOPgE-LUz9U3MLQsyjHT0spOttLPL0pPzMusSizJzM9D4VhlpCamFJYmFpWkFhUvYhWpTMzIz1dUKM48vCI9VaE4PzkzMQcA-b6JblAAAAA&amp;sa=X&amp;ved=2ahUKEwjLtJzRs_fhAhW75OAKHZCtBEoQ6BMoADATegQICxAN\">Si\u00e8ge social<\/a><\/strong>\u00a0:\u00a023 Boulevard Fran\u00e7ois Mitterrand, 91000 \u00c9vry, France<\/p>\n<p>Contacts:<\/p>\n<p>Site web: <u><a href=\"https:\/\/www.univ-evry.fr\/accueil.html\">https:\/\/www.univ-evry.fr\/accueil.html<\/a><\/u><\/p>\n<p><strong>Objet du partenariat: <\/strong>Accord de coop\u00e9ration<\/p>\n<p><strong>Dur\u00e9e de la convention\u00a0:<\/strong> 04\/01\/2018\/2023<\/p>\n<p><strong>\u00a0<\/strong><\/p>\n<p><strong>\u00a0<\/strong><\/p>\n<p><strong>\u00a0<\/strong><\/p>\n<p><strong>Universit\u00e9 de Limoges<\/strong><\/p>\n<p><strong><a href=\"https:\/\/www.google.com\/search?rlz=1C1GCEA_enDZ817DZ817&amp;q=yahoo!+cr%C3%A9ation&amp;stick=H4sIAAAAAAAAAOPgE-LUz9U3MLQsyjHTUs1OttLPL0pPzMusSizJzM9D4Vil5ZfmpaSmLGIVqEzMyM9XVEguOrwSLAUA9KKpB0cAAAA&amp;sa=X&amp;ved=2ahUKEwjLtJzRs_fhAhW75OAKHZCtBEoQ6BMoADARegQICxAG\">Cr\u00e9ation<\/a><\/strong>\u00a0:\u00a01968<\/p>\n<p>Pr\u00e9sident: M. CELERIER Alain<\/p>\n<p><strong><a href=\"https:\/\/www.google.com\/search?rlz=1C1GCEA_enDZ817DZ817&amp;q=yahoo!+si%C3%A8ge+social&amp;stick=H4sIAAAAAAAAAOPgE-LUz9U3MLQsyjHT0spOttLPL0pPzMusSizJzM9D4VhlpCamFJYmFpWkFhUvYhWpTMzIz1dUKM48vCI9VaE4PzkzMQcA-b6JblAAAAA&amp;sa=X&amp;ved=2ahUKEwjLtJzRs_fhAhW75OAKHZCtBEoQ6BMoADATegQICxAN\">Si\u00e8ge social<\/a><\/strong>\u00a0:\u00a033 rue Fran\u00e7ois Mitterrand BP 23204 87032 Limoges &#8211; France<\/p>\n<p>Contacts: <strong>T\u00e9l.<\/strong> +33 (0)5 55 14 91 00<\/p>\n<p>Site web: <a href=\"https:\/\/www.unilim.fr\/\">https:\/\/www.unilim.fr\/<\/a><\/p>\n<p><strong>Objet du partenariat:<\/strong><\/p>\n<p><strong>Dur\u00e9e de la convention\u00a0:<\/strong><\/p>\n<h2><\/h2>\n<h2>Ecoles<\/h2>\n<h2><\/h2>\n<p><strong><a href=\"https:\/\/www.google.com\/search?rlz=1C1GCEA_enDZ817DZ817&amp;q=yahoo!+cr%C3%A9ation&amp;stick=H4sIAAAAAAAAAOPgE-LUz9U3MLQsyjHTUs1OttLPL0pPzMusSizJzM9D4Vil5ZfmpaSmLGIVqEzMyM9XVEguOrwSLAUA9KKpB0cAAAA&amp;sa=X&amp;ved=2ahUKEwjLtJzRs_fhAhW75OAKHZCtBEoQ6BMoADARegQICxAG\">Cr\u00e9ation<\/a><\/strong>\u00a0:\u00a01967<\/p>\n<p>Directeur:<\/p>\n<p><strong><a href=\"https:\/\/www.google.com\/search?rlz=1C1GCEA_enDZ817DZ817&amp;q=yahoo!+si%C3%A8ge+social&amp;stick=H4sIAAAAAAAAAOPgE-LUz9U3MLQsyjHT0spOttLPL0pPzMusSizJzM9D4VhlpCamFJYmFpWkFhUvYhWpTMzIz1dUKM48vCI9VaE4PzkzMQcA-b6JblAAAAA&amp;sa=X&amp;ved=2ahUKEwjLtJzRs_fhAhW75OAKHZCtBEoQ6BMoADATegQICxAN\">Si\u00e8ge social<\/a><\/strong>\u00a0:\u00a0B.P 17, Bordj el Bahri 16111, Alger, Alg\u00e9rie<\/p>\n<p>Contacts: <strong>Tel. <\/strong>+213 21 86.34.69 &#8211; 21 42.67.53\u00a0\u00a0 <strong>Fax.<\/strong> 021 86.32.04<\/p>\n<p>Site web: <a href=\"https:\/\/www.emp.mdn.dz\/\">https:\/\/www.emp.mdn.dz\/<\/a><\/p>\n<p><strong>Objet du partenariat:<\/strong> Convention de coop\u00e9ration<\/p>\n<p><strong>Dur\u00e9e de la convention\u00a0:<\/strong> 01\/1997<\/p>\n<p>&nbsp;<\/p>\n<p><strong>Ecole Nationale Sup\u00e9rieure Agronomique<\/strong><\/p>\n<p>&nbsp;<\/p>\n<p>&nbsp;<\/p>\n<p>&nbsp;<\/p>\n<p><strong><a href=\"https:\/\/www.google.com\/search?rlz=1C1GCEA_enDZ817DZ817&amp;q=yahoo!+cr%C3%A9ation&amp;stick=H4sIAAAAAAAAAOPgE-LUz9U3MLQsyjHTUs1OttLPL0pPzMusSizJzM9D4Vil5ZfmpaSmLGIVqEzMyM9XVEguOrwSLAUA9KKpB0cAAAA&amp;sa=X&amp;ved=2ahUKEwjLtJzRs_fhAhW75OAKHZCtBEoQ6BMoADARegQICxAG\">Cr\u00e9ation<\/a><\/strong>\u00a0:\u00a01905<\/p>\n<p>Directeur: M. KHELIFI Lakhdar<\/p>\n<p><strong><a href=\"https:\/\/www.google.com\/search?rlz=1C1GCEA_enDZ817DZ817&amp;q=yahoo!+si%C3%A8ge+social&amp;stick=H4sIAAAAAAAAAOPgE-LUz9U3MLQsyjHT0spOttLPL0pPzMusSizJzM9D4VhlpCamFJYmFpWkFhUvYhWpTMzIz1dUKM48vCI9VaE4PzkzMQcA-b6JblAAAAA&amp;sa=X&amp;ved=2ahUKEwjLtJzRs_fhAhW75OAKHZCtBEoQ6BMoADATegQICxAN\">Si\u00e8ge social<\/a><\/strong>\u00a0:\u00a0Avenue Hassan Badi &#8211; El Harrach &#8211; Alger<\/p>\n<p>Contacts: <strong>T\u00e9l.<\/strong> +213 23 82 85 07\/12\u00a0 <strong>Fax.<\/strong>213 23 82 85 03\/04<\/p>\n<p>Site web: <a href=\"https:\/\/www.ensa.dz\/\">https:\/\/www.ensa.dz\/<\/a><\/p>\n<p><strong>Objet du partenariat:<\/strong> Convention cadre de coop\u00e9ration<\/p>\n<p><strong>Dur\u00e9e de la convention\u00a0:<\/strong> 02\/2014-08\/2014<\/p>\n<h2>Agences<\/h2>\n<p><strong>Agence Nationale de Valorisation des R\u00e9sultats de la Recherches et du D\u00e9veloppement Technologique<\/strong><\/p>\n<p>&nbsp;<\/p>\n<p><strong><a href=\"https:\/\/www.google.com\/search?rlz=1C1GCEA_enDZ817DZ817&amp;q=yahoo!+cr%C3%A9ation&amp;stick=H4sIAAAAAAAAAOPgE-LUz9U3MLQsyjHTUs1OttLPL0pPzMusSizJzM9D4Vil5ZfmpaSmLGIVqEzMyM9XVEguOrwSLAUA9KKpB0cAAAA&amp;sa=X&amp;ved=2ahUKEwjLtJzRs_fhAhW75OAKHZCtBEoQ6BMoADARegQICxAG\">Cr\u00e9ation<\/a><\/strong>\u00a0:\u00a01998<\/p>\n<p>Directrice : DEMMOUCHE MOUNSI Nedjoua<\/p>\n<p><strong><a href=\"https:\/\/www.google.com\/search?rlz=1C1GCEA_enDZ817DZ817&amp;q=yahoo!+si%C3%A8ge+social&amp;stick=H4sIAAAAAAAAAOPgE-LUz9U3MLQsyjHT0spOttLPL0pPzMusSizJzM9D4VhlpCamFJYmFpWkFhUvYhWpTMzIz1dUKM48vCI9VaE4PzkzMQcA-b6JblAAAAA&amp;sa=X&amp;ved=2ahUKEwjLtJzRs_fhAhW75OAKHZCtBEoQ6BMoADATegQICxAN\">Si\u00e8ge social<\/a><\/strong>\u00a0:\u00a0 23 Ave Slimane Asselah Telemly Alger Centre, Alger, Alg\u00e9rie<\/p>\n<p>Contacts: T\u00e9l. +213 (0) 23 50 73 62\u00a0 Fax. +213 (0) 23 50 73 74<\/p>\n<p>Site web: <a href=\"https:\/\/anvredet.org.dz\">https:\/\/anvredet.org.dz<\/a><\/p>\n<p><strong>Objet de la convention:<\/strong><\/p>\n<p><strong>Dur\u00e9e de la convention\u00a0:<\/strong><\/p>\n<p>&nbsp;<\/p>\n<p><strong>Agence Spatiale Alg\u00e9rienne <\/strong><\/p>\n<p><strong><a href=\"https:\/\/www.google.com\/search?rlz=1C1GCEA_enDZ817DZ817&amp;q=yahoo!+cr%C3%A9ation&amp;stick=H4sIAAAAAAAAAOPgE-LUz9U3MLQsyjHTUs1OttLPL0pPzMusSizJzM9D4Vil5ZfmpaSmLGIVqEzMyM9XVEguOrwSLAUA9KKpB0cAAAA&amp;sa=X&amp;ved=2ahUKEwjLtJzRs_fhAhW75OAKHZCtBEoQ6BMoADARegQICxAG\">Cr\u00e9ation<\/a><\/strong>\u00a0:\u00a02002<\/p>\n<p>Directeur : M. OUSSEDIK Azzedine<\/p>\n<p><strong><a href=\"https:\/\/www.google.com\/search?rlz=1C1GCEA_enDZ817DZ817&amp;q=yahoo!+si%C3%A8ge+social&amp;stick=H4sIAAAAAAAAAOPgE-LUz9U3MLQsyjHT0spOttLPL0pPzMusSizJzM9D4VhlpCamFJYmFpWkFhUvYhWpTMzIz1dUKM48vCI9VaE4PzkzMQcA-b6JblAAAAA&amp;sa=X&amp;ved=2ahUKEwjLtJzRs_fhAhW75OAKHZCtBEoQ6BMoADATegQICxAN\">Si\u00e8ge social<\/a><\/strong>\u00a0:\u00a014,\u00a0<a href=\"https:\/\/www.google.com\/search?rlz=1C1GCEA_enDZ817DZ817&amp;q=rue+Omar&amp;stick=H4sIAAAAAAAAAONgVuLWT9c3LMmoqigsqlzEylFUmqrgn5tYBADDaKOZGgAAAA&amp;sa=X&amp;ved=2ahUKEwjMjNGCgo7iAhUN6OAKHbL8Dd0QmxMoATAgegQICRAW\">rue Omar<\/a>\u00a0Aissaoui,\u00a0<a href=\"https:\/\/www.google.com\/search?rlz=1C1GCEA_enDZ817DZ817&amp;q=El+Hammadia&amp;stick=H4sIAAAAAAAAAONgVuLSz9U3sCwzNzNPWcTK7Zqj4JGYm5uYkpkIAKCunlMcAAAA&amp;sa=X&amp;ved=2ahUKEwjMjNGCgo7iAhUN6OAKHbL8Dd0QmxMoAjAgegQICRAX\">El Hammadia<\/a>,\u00a0<a href=\"https:\/\/www.google.com\/search?rlz=1C1GCEA_enDZ817DZ817&amp;q=Bouzareah&amp;stick=H4sIAAAAAAAAAONgVuLUz9U3SEorTi5ZxMrplF9alViUmpgBAJW3UzgZAAAA&amp;sa=X&amp;ved=2ahUKEwjMjNGCgo7iAhUN6OAKHbL8Dd0QmxMoAzAgegQICRAY\">Bouzareah<\/a>,\u00a0<a href=\"https:\/\/www.google.com\/search?rlz=1C1GCEA_enDZ817DZ817&amp;q=Alger&amp;stick=H4sIAAAAAAAAAONgVmLXz9U3KCopW8TK6piTnloEAAq4tpYTAAAA&amp;sa=X&amp;ved=2ahUKEwjMjNGCgo7iAhUN6OAKHbL8Dd0QmxMoBDAgegQICRAZ\">Alger<\/a><\/p>\n<p>Contacts: T\u00e9l. +213 23 27 05 31\u00a0 Fax +213 23 27 05 24<\/p>\n<p>Site web: <u><a href=\"https:\/\/www.asal.dz\/\">https:\/\/www.asal.dz\/<\/a><\/u><\/p>\n<p><strong>Objet de la convention:<\/strong> Convention cadre<\/p>\n<p><strong>Dur\u00e9e de la convention\u00a0:<\/strong> 03\/2012-02\/2015<\/p>\n<p>&nbsp;<\/p>\n<p><strong>\u00a0<\/strong><\/p>\n<p>&nbsp;<\/p>\n<p><strong>Agence Nationale de Soutien \u00e0 l\u2019Emploi des Jeunes<\/strong><\/p>\n<p><strong><a href=\"https:\/\/www.google.com\/search?rlz=1C1GCEA_enDZ817DZ817&amp;q=yahoo!+cr%C3%A9ation&amp;stick=H4sIAAAAAAAAAOPgE-LUz9U3MLQsyjHTUs1OttLPL0pPzMusSizJzM9D4Vil5ZfmpaSmLGIVqEzMyM9XVEguOrwSLAUA9KKpB0cAAAA&amp;sa=X&amp;ved=2ahUKEwjLtJzRs_fhAhW75OAKHZCtBEoQ6BMoADARegQICxAG\">Cr\u00e9ation<\/a><\/strong>\u00a0:\u00a02006<\/p>\n<p>Directeur : Mme DJAIDER Samira<\/p>\n<p><strong><a href=\"https:\/\/www.google.com\/search?rlz=1C1GCEA_enDZ817DZ817&amp;q=yahoo!+si%C3%A8ge+social&amp;stick=H4sIAAAAAAAAAOPgE-LUz9U3MLQsyjHT0spOttLPL0pPzMusSizJzM9D4VhlpCamFJYmFpWkFhUvYhWpTMzIz1dUKM48vCI9VaE4PzkzMQcA-b6JblAAAAA&amp;sa=X&amp;ved=2ahUKEwjLtJzRs_fhAhW75OAKHZCtBEoQ6BMoADATegQICxAN\">Si\u00e8ge social<\/a><\/strong>\u00a0:\u00a008, Rue Arezi Benbouzid- El Aanasser, Alger<\/p>\n<p>Contacts: T\u00e9l. +213 21 678 218 \/+213 21 67 03 52\/+213 21 678 235\/ +213 21 678 236 \/+213 21 678 239 \/+213 21 672 792 \/+213 21 676 893<\/p>\n<p>Site web: <a href=\"https:\/\/www.ansej.org.dz\/\">https:\/\/www.ansej.org.dz<\/a><\/p>\n<p><strong>Objet de la convention:<\/strong> convention de partenariat<\/p>\n<p><strong>Dur\u00e9e de la convention\u00a0:<\/strong> 06\/11\/2016<\/p>\n<h2>Centres de Recherche<\/h2>\n<p><strong>\u00a0<\/strong><\/p>\n<p><strong>Centre de Recherche Nucl\u00e9aire d&rsquo;Alger<\/strong><\/p>\n<p><strong><a href=\"https:\/\/www.google.com\/search?rlz=1C1GCEA_enDZ817DZ817&amp;q=yahoo!+cr%C3%A9ation&amp;stick=H4sIAAAAAAAAAOPgE-LUz9U3MLQsyjHTUs1OttLPL0pPzMusSizJzM9D4Vil5ZfmpaSmLGIVqEzMyM9XVEguOrwSLAUA9KKpB0cAAAA&amp;sa=X&amp;ved=2ahUKEwjLtJzRs_fhAhW75OAKHZCtBEoQ6BMoADARegQICxAG\">Cr\u00e9ation<\/a><\/strong>\u00a0:\u00a01999<\/p>\n<p>Directeur : M. GABOUZE Nordine<\/p>\n<p><strong><a href=\"https:\/\/www.google.com\/search?rlz=1C1GCEA_enDZ817DZ817&amp;q=yahoo!+si%C3%A8ge+social&amp;stick=H4sIAAAAAAAAAOPgE-LUz9U3MLQsyjHT0spOttLPL0pPzMusSizJzM9D4VhlpCamFJYmFpWkFhUvYhWpTMzIz1dUKM48vCI9VaE4PzkzMQcA-b6JblAAAAA&amp;sa=X&amp;ved=2ahUKEwjLtJzRs_fhAhW75OAKHZCtBEoQ6BMoADATegQICxAN\">Si\u00e8ge social<\/a><\/strong>\u00a0:\u00a02, boulevard Frantz Fanon BP 399, Alger-Gar, Alg\u00e9rie<\/p>\n<p>Contacts: <strong>T\u00e9l.\u00a0<\/strong>+213 021 43 44 44 \/ 021 43 35 50 <strong>Fax\u00a0<\/strong>+213 021 43 42 80<\/p>\n<p>Site web: <a href=\"https:\/\/www.crna.dz%0d\">www.crna.dz<\/a><\/p>\n<p><strong>Objet de la convention: <\/strong>02 Convention de collaboration de recherche et de formation scientifique<\/p>\n<p><strong>Dur\u00e9e de la convention\u00a0:<\/strong> 2004-2005<\/p>\n<p><strong>\u00a0<\/strong><\/p>\n<p><strong>\u00a0<\/strong><\/p>\n<p><strong>Centre National d&rsquo;Etudes et Recherches Int\u00e9gr\u00e9es du B\u00e2timent <\/strong><\/p>\n<p><strong><br \/>\n<a href=\"https:\/\/www.google.com\/search?rlz=1C1GCEA_enDZ817DZ817&amp;q=yahoo!+cr%C3%A9ation&amp;stick=H4sIAAAAAAAAAOPgE-LUz9U3MLQsyjHTUs1OttLPL0pPzMusSizJzM9D4Vil5ZfmpaSmLGIVqEzMyM9XVEguOrwSLAUA9KKpB0cAAAA&amp;sa=X&amp;ved=2ahUKEwjLtJzRs_fhAhW75OAKHZCtBEoQ6BMoADARegQICxAG\">Cr\u00e9ation<\/a><\/strong>\u00a0:\u00a01982<\/p>\n<p>Directeur : M. FERA Hamid<\/p>\n<p><strong><a href=\"https:\/\/www.google.com\/search?rlz=1C1GCEA_enDZ817DZ817&amp;q=yahoo!+si%C3%A8ge+social&amp;stick=H4sIAAAAAAAAAOPgE-LUz9U3MLQsyjHT0spOttLPL0pPzMusSizJzM9D4VhlpCamFJYmFpWkFhUvYhWpTMzIz1dUKM48vCI9VaE4PzkzMQcA-b6JblAAAAA&amp;sa=X&amp;ved=2ahUKEwjLtJzRs_fhAhW75OAKHZCtBEoQ6BMoADATegQICxAN\">Si\u00e8ge social<\/a><\/strong>\u00a0:\u00a0Cit\u00e9 El Mokrani, Souidania, 16097, Alger, Alg\u00e9rie<\/p>\n<p>Contacts: T\u00e9l. +021 38 03 68 \/ +021 38 01 19\u00a0<strong>Fax<\/strong> +021 38 04 31<\/p>\n<p>Site web: <u><a href=\"https:\/\/www.cnerib.edu.dz\/\">https:\/\/www.cnerib.edu.dz\/<\/a><\/u><\/p>\n<p><strong>Objet de la convention:<\/strong><\/p>\n<p><strong>Dur\u00e9e de la convention\u00a0:<\/strong> 13\/12\/2005<\/p>\n<p><strong>\u00a0<\/strong><\/p>\n<p><strong>\u00a0<\/strong><\/p>\n<p><strong>Centre de Recherche et de D\u00e9veloppement de l&rsquo;Electricit\u00e9 et du Gaz <\/strong><\/p>\n<p><strong>\u00a0<\/strong><\/p>\n<p><strong><a href=\"https:\/\/www.google.com\/search?rlz=1C1GCEA_enDZ817DZ817&amp;q=yahoo!+cr%C3%A9ation&amp;stick=H4sIAAAAAAAAAOPgE-LUz9U3MLQsyjHTUs1OttLPL0pPzMusSizJzM9D4Vil5ZfmpaSmLGIVqEzMyM9XVEguOrwSLAUA9KKpB0cAAAA&amp;sa=X&amp;ved=2ahUKEwjLtJzRs_fhAhW75OAKHZCtBEoQ6BMoADARegQICxAG\">Cr\u00e9ation<\/a><\/strong>\u00a0:\u00a02005<\/p>\n<p>Directeur : <strong>Mme SALHI\u00a0 Wassila<\/strong><\/p>\n<p><strong><a href=\"https:\/\/www.google.com\/search?rlz=1C1GCEA_enDZ817DZ817&amp;q=yahoo!+si%C3%A8ge+social&amp;stick=H4sIAAAAAAAAAOPgE-LUz9U3MLQsyjHT0spOttLPL0pPzMusSizJzM9D4VhlpCamFJYmFpWkFhUvYhWpTMzIz1dUKM48vCI9VaE4PzkzMQcA-b6JblAAAAA&amp;sa=X&amp;ved=2ahUKEwjLtJzRs_fhAhW75OAKHZCtBEoQ6BMoADATegQICxAN\">Si\u00e8ge social<\/a><\/strong>\u00a0:\u00a0Colline des Grands Vents, Route Nationale N\u00b036, El Achour, Alger<\/p>\n<p>Contacts: <strong>T\u00e9l.<\/strong> +213 21 38 61 73 \u00e0 79 &#8211; 0560 06 51 73\/74\/75\u00a0<strong>Fax<\/strong> +213 21 38 62 11\/12<\/p>\n<p>Site web: <u><a href=\"https:\/\/www.credeg.dz\/%0d\">www.credeg.dz\/<\/a><\/u><\/p>\n<p><strong>Objet du partenariat:<\/strong> Convention cadre coop\u00e9ration scientifique et technologique<\/p>\n<p><strong>Dur\u00e9e de la convention\u00a0:<\/strong> 2013\/2018<\/p>\n<p>&nbsp;<\/p>\n<p>&nbsp;<\/p>\n<p><strong>\u00a0<\/strong><\/p>\n<p><strong>Centre National de Toxicologie<\/strong><\/p>\n<p><strong><a href=\"https:\/\/www.google.com\/search?rlz=1C1GCEA_enDZ817DZ817&amp;q=yahoo!+cr%C3%A9ation&amp;stick=H4sIAAAAAAAAAOPgE-LUz9U3MLQsyjHTUs1OttLPL0pPzMusSizJzM9D4Vil5ZfmpaSmLGIVqEzMyM9XVEguOrwSLAUA9KKpB0cAAAA&amp;sa=X&amp;ved=2ahUKEwjLtJzRs_fhAhW75OAKHZCtBEoQ6BMoADARegQICxAG\">Cr\u00e9ation<\/a><\/strong>\u00a0:\u00a01998<\/p>\n<p>Directeur : M. BOUDISSA Nourddine<\/p>\n<p><strong><a href=\"https:\/\/www.google.com\/search?rlz=1C1GCEA_enDZ817DZ817&amp;q=yahoo!+si%C3%A8ge+social&amp;stick=H4sIAAAAAAAAAOPgE-LUz9U3MLQsyjHT0spOttLPL0pPzMusSizJzM9D4VhlpCamFJYmFpWkFhUvYhWpTMzIz1dUKM48vCI9VaE4PzkzMQcA-b6JblAAAAA&amp;sa=X&amp;ved=2ahUKEwjLtJzRs_fhAhW75OAKHZCtBEoQ6BMoADATegQICxAN\">Si\u00e8ge social<\/a><\/strong>\u00a0:\u00a0Route petit Staoueli. NIPA- Delly Brahim, Alger<\/p>\n<p>Contacts: T\u00e9l. 023 36 75 17\/ <strong>Fax<\/strong> 023 36 75 26<\/p>\n<p>Site web: <a href=\"https:\/\/www.cnt.dz\/\">https:\/\/www.cnt.dz\/<\/a><\/p>\n<p><strong>Objet de la convention:<\/strong><\/p>\n<p><strong>Dur\u00e9e de la convention\u00a0:<\/strong><\/p>\n<p><strong>\u00a0<\/strong><\/p>\n<p><strong>\u00a0<\/strong><\/p>\n<h2>Groupes Nationaux et \u00c9trangers<\/h2>\n<p><strong>\u00a0<\/strong><\/p>\n<p><strong>\u00a0<\/strong><\/p>\n<p><strong>\u00a0<\/strong><\/p>\n<p><strong>NAFTAL spa\u00a0\u00a0\u00a0\u00a0\u00a0\u00a0\u00a0\u00a0\u00a0\u00a0\u00a0\u00a0\u00a0\u00a0\u00a0\u00a0\u00a0\u00a0\u00a0\u00a0\u00a0\u00a0\u00a0\u00a0\u00a0\u00a0\u00a0\u00a0\u00a0\u00a0\u00a0\u00a0\u00a0\u00a0\u00a0\u00a0\u00a0\u00a0\u00a0\u00a0\u00a0\u00a0\u00a0\u00a0\u00a0\u00a0\u00a0\u00a0\u00a0\u00a0\u00a0\u00a0\u00a0\u00a0\u00a0\u00a0\u00a0\u00a0\u00a0 <\/strong><\/p>\n<p><strong><a href=\"https:\/\/www.google.com\/search?rlz=1C1GCEA_enDZ817DZ817&amp;q=yahoo!+cr%C3%A9ation&amp;stick=H4sIAAAAAAAAAOPgE-LUz9U3MLQsyjHTUs1OttLPL0pPzMusSizJzM9D4Vil5ZfmpaSmLGIVqEzMyM9XVEguOrwSLAUA9KKpB0cAAAA&amp;sa=X&amp;ved=2ahUKEwjLtJzRs_fhAhW75OAKHZCtBEoQ6BMoADARegQICxAG\">Cr\u00e9ation<\/a><\/strong>\u00a0:\u00a01981<\/p>\n<p>Directeur : M. RIZOU Hocine<\/p>\n<p><strong><a href=\"https:\/\/www.google.com\/search?rlz=1C1GCEA_enDZ817DZ817&amp;q=yahoo!+si%C3%A8ge+social&amp;stick=H4sIAAAAAAAAAOPgE-LUz9U3MLQsyjHT0spOttLPL0pPzMusSizJzM9D4VhlpCamFJYmFpWkFhUvYhWpTMzIz1dUKM48vCI9VaE4PzkzMQcA-b6JblAAAAA&amp;sa=X&amp;ved=2ahUKEwjLtJzRs_fhAhW75OAKHZCtBEoQ6BMoADATegQICxAN\">Si\u00e8ge social<\/a><\/strong>\u00a0: Route des dunes, Ch\u00e9raga BP 73, Alger<\/p>\n<p>Contacts: <strong>T\u00e9l.<\/strong> +213 21 38 13 13 <strong>Fax.<\/strong> +213 21 38 19 19<\/p>\n<p>Site web: <a href=\"https:\/\/www.naftal.dz\/fr\/\">https:\/\/www.naftal.dz\/fr\/<\/a><\/p>\n<p><strong>Objet du partenariat:<\/strong><\/p>\n<p><strong>Dur\u00e9e de la convention\u00a0:<\/strong><\/p>\n<p><strong>\u00a0<\/strong><\/p>\n<p><strong>\u00a0<\/strong><\/p>\n<p><strong>\u00a0<\/strong><\/p>\n<p><strong>SONELGAZ spa<\/strong><\/p>\n<p><strong><br \/>\n<a href=\"https:\/\/www.google.com\/search?rlz=1C1GCEA_enDZ817DZ817&amp;q=yahoo!+cr%C3%A9ation&amp;stick=H4sIAAAAAAAAAOPgE-LUz9U3MLQsyjHTUs1OttLPL0pPzMusSizJzM9D4Vil5ZfmpaSmLGIVqEzMyM9XVEguOrwSLAUA9KKpB0cAAAA&amp;sa=X&amp;ved=2ahUKEwjLtJzRs_fhAhW75OAKHZCtBEoQ6BMoADARegQICxAG\">Cr\u00e9ation<\/a><\/strong>\u00a0:\u00a01969<\/p>\n<p>Directeur: M. BOUTARFA Noureddine<\/p>\n<p><strong><a href=\"https:\/\/www.google.com\/search?rlz=1C1GCEA_enDZ817DZ817&amp;q=yahoo!+si%C3%A8ge+social&amp;stick=H4sIAAAAAAAAAOPgE-LUz9U3MLQsyjHT0spOttLPL0pPzMusSizJzM9D4VhlpCamFJYmFpWkFhUvYhWpTMzIz1dUKM48vCI9VaE4PzkzMQcA-b6JblAAAAA&amp;sa=X&amp;ved=2ahUKEwjLtJzRs_fhAhW75OAKHZCtBEoQ6BMoADATegQICxAN\">Si\u00e8ge social<\/a><\/strong>\u00a0:\u00a002, Boulevard Krim Belkacem &#8211; Alger -Alg\u00e9rie<\/p>\n<p>Contacts: <strong>T\u00e9l<\/strong>. +213 21 72 31 00\u00a0\u00a0 <strong>Fax.<\/strong> +213 21 72 26 90<\/p>\n<p>Site web: <a href=\"https:\/\/www.sonelgaz.dz\/\">https:\/\/www.sonelgaz.dz\/<\/a><\/p>\n<p><strong>Objet de la convention:<\/strong><\/p>\n<p><strong>Dur\u00e9e de la convention\u00a0:<\/strong><\/p>\n<p><strong>\u00a0<\/strong><\/p>\n<p>&nbsp;<\/p>\n<p><strong>Groupe Industriel des Ciments d&rsquo;Alg\u00e9rie<\/strong><\/p>\n<p><strong><a href=\"https:\/\/www.google.com\/search?rlz=1C1GCEA_enDZ817DZ817&amp;q=yahoo!+cr%C3%A9ation&amp;stick=H4sIAAAAAAAAAOPgE-LUz9U3MLQsyjHTUs1OttLPL0pPzMusSizJzM9D4Vil5ZfmpaSmLGIVqEzMyM9XVEguOrwSLAUA9KKpB0cAAAA&amp;sa=X&amp;ved=2ahUKEwjLtJzRs_fhAhW75OAKHZCtBEoQ6BMoADARegQICxAG\">Cr\u00e9ation<\/a><\/strong>\u00a0:\u00a02009<\/p>\n<p>Directeur : M. <strong>GUESSOUM Rabah<\/strong><\/p>\n<p><strong><a href=\"https:\/\/www.google.com\/search?rlz=1C1GCEA_enDZ817DZ817&amp;q=yahoo!+si%C3%A8ge+social&amp;stick=H4sIAAAAAAAAAOPgE-LUz9U3MLQsyjHT0spOttLPL0pPzMusSizJzM9D4VhlpCamFJYmFpWkFhUvYhWpTMzIz1dUKM48vCI9VaE4PzkzMQcA-b6JblAAAAA&amp;sa=X&amp;ved=2ahUKEwjLtJzRs_fhAhW75OAKHZCtBEoQ6BMoADATegQICxAN\">Si\u00e8ge social<\/a><\/strong>\u00a0:\u00a0<a href=\"https:\/\/www.google.com\/search?rlz=1C1GCEA_enDZ817DZ817&amp;q=Route+de+Dar+El+Beida&amp;stick=H4sIAAAAAAAAAONgVuLVT9c3NEzOK8kri08zXMQqGpRfWpKqkJKq4JJYpOCao-CUmpmSCAAksIFNKQAAAA&amp;sa=X&amp;ved=2ahUKEwio6NOSvYTiAhUQ-hQKHTfRDvUQmxMoATATegQIChAK\">Route de Dar El Beida<\/a>\u00a0&#8211;\u00a0<a href=\"https:\/\/www.google.com\/search?rlz=1C1GCEA_enDZ817DZ817&amp;q=Meftah&amp;stick=H4sIAAAAAAAAAONgVuLSz9U3sCwztTQ1W8TK5puaVpKYAQC1TwhxFwAAAA&amp;sa=X&amp;ved=2ahUKEwio6NOSvYTiAhUQ-hQKHTfRDvUQmxMoAjATegQIChAL\">Meftah<\/a>,\u00a0<a href=\"https:\/\/www.google.com\/search?rlz=1C1GCEA_enDZ817DZ817&amp;q=Wilaya+de+Blida&amp;stick=H4sIAAAAAAAAAONgVuLUz9U3sCwrKkpbxMofnpmTWJmokJKq4JSTmZIIAKr-rdQfAAAA&amp;sa=X&amp;ved=2ahUKEwio6NOSvYTiAhUQ-hQKHTfRDvUQmxMoAzATegQIChAM\">Blida<\/a>;\u00a0<a href=\"https:\/\/www.google.com\/search?rlz=1C1GCEA_enDZ817DZ817&amp;q=Alg%C3%A9rie&amp;stick=H4sIAAAAAAAAAONgVmLXz9U3yDCuXMTK4ZiTfnhlUWYqANDKyNsWAAAA&amp;sa=X&amp;ved=2ahUKEwio6NOSvYTiAhUQ-hQKHTfRDvUQmxMoBDATegQIChAN\">Alg\u00e9rie<\/a><\/p>\n<p>Contacts\u00a0: T\u00e9l. +213 025 45 61 98\/ 025 45 62 61\/\u00a0 <strong>Fax.<\/strong> +213 025 45 63 28\/ 025 45 62 61<\/p>\n<p>Site web: <a href=\"https:\/\/www.gica.dz\/\">https:\/\/www.gica.dz\/<\/a><\/p>\n<p><strong>Objet de la convention:<\/strong><\/p>\n<p><strong>Dur\u00e9e de la convention\u00a0<\/strong><\/p>\n<p><strong>SIEMENS SPA<\/strong><\/p>\n<p><strong><br \/>\n<a href=\"https:\/\/www.google.com\/search?rlz=1C1GCEA_enDZ817DZ817&amp;q=yahoo!+cr%C3%A9ation&amp;stick=H4sIAAAAAAAAAOPgE-LUz9U3MLQsyjHTUs1OttLPL0pPzMusSizJzM9D4Vil5ZfmpaSmLGIVqEzMyM9XVEguOrwSLAUA9KKpB0cAAAA&amp;sa=X&amp;ved=2ahUKEwjLtJzRs_fhAhW75OAKHZCtBEoQ6BMoADARegQICxAG\">Cr\u00e9ation<\/a><\/strong>\u00a0:\u00a01933<\/p>\n<p>Directeur :<\/p>\n<p><strong><a href=\"https:\/\/www.google.com\/search?rlz=1C1GCEA_enDZ817DZ817&amp;q=yahoo!+si%C3%A8ge+social&amp;stick=H4sIAAAAAAAAAOPgE-LUz9U3MLQsyjHT0spOttLPL0pPzMusSizJzM9D4VhlpCamFJYmFpWkFhUvYhWpTMzIz1dUKM48vCI9VaE4PzkzMQcA-b6JblAAAAA&amp;sa=X&amp;ved=2ahUKEwjLtJzRs_fhAhW75OAKHZCtBEoQ6BMoADATegQICxAN\">Si\u00e8ge social<\/a><\/strong>\u00a0:\u00a0Lotissement El Kadous, lot n\u00b010, Moutchatchou &#8211; Haut site d&rsquo;Hydra 16035, Hydra &#8211; Alger<\/p>\n<p>Contacts: <strong>Tel.<\/strong>\u00a0 + 213 021 94 63 00 \u00e0 06\u00a0 <strong>Fax. <\/strong>+ 213 021 94 63 37<\/p>\n<p>Site web: <a href=\"https:\/\/www.siemens.dz\/fr\/siemens-en-algerie\/index.htm\">https:\/\/www.siemens.dz\/fr\/siemens-en-algerie\/index.htm<\/a><\/p>\n<p><a href=\"https:\/\/www.siemens.dz\/\">https:\/\/www.siemens.dz\/<\/a><\/p>\n<p><strong>Objet de la convention:<\/strong><\/p>\n<p><strong>Dur\u00e9e de la convention\u00a0:<\/strong><\/p>\n<p>&nbsp;<\/p>\n<h2>Organismes Publics<\/h2>\n<h2><\/h2>\n<p><strong>Assembl\u00e9e Populaire Communale de BABA \u2013ASSEN<\/strong><\/p>\n<p><strong><a href=\"https:\/\/www.google.com\/search?rlz=1C1GCEA_enDZ817DZ817&amp;q=yahoo!+cr%C3%A9ation&amp;stick=H4sIAAAAAAAAAOPgE-LUz9U3MLQsyjHTUs1OttLPL0pPzMusSizJzM9D4Vil5ZfmpaSmLGIVqEzMyM9XVEguOrwSLAUA9KKpB0cAAAA&amp;sa=X&amp;ved=2ahUKEwjLtJzRs_fhAhW75OAKHZCtBEoQ6BMoADARegQICxAG\">Cr\u00e9ation<\/a><\/strong>\u00a0:<\/p>\n<p>Pr\u00e9sident : M. KHOUDJA Hamid<\/p>\n<h2><a href=\"https:\/\/www.google.com\/search?rlz=1C1GCEA_enDZ817DZ817&amp;q=yahoo!+si%C3%A8ge+social&amp;stick=H4sIAAAAAAAAAOPgE-LUz9U3MLQsyjHT0spOttLPL0pPzMusSizJzM9D4VhlpCamFJYmFpWkFhUvYhWpTMzIz1dUKM48vCI9VaE4PzkzMQcA-b6JblAAAAA&amp;sa=X&amp;ved=2ahUKEwjLtJzRs_fhAhW75OAKHZCtBEoQ6BMoADATegQICxAN\">Si\u00e8ge social<\/a>\u00a0:\u00a0Rue Nache Mohamed, Baba Hassen, Alger, Alg\u00e9rie<\/h2>\n<p>Contacts: T<strong>\u00e9l.\u00a0<\/strong>+213 023 35 11 43 <strong>Fax.\u00a0<\/strong>+213 23 35 11 43<\/p>\n<p>Site web: \/<\/p>\n<p><strong>Objet de la convention:<\/strong> Convention cadre\u00a0coop\u00e9ration<\/p>\n<p><strong>Dur\u00e9e de la convention\u00a0:<\/strong> 2010\/2013<strong>\u00a0\u00a0 <\/strong><\/p>\n<p>&nbsp;<\/p>\n<p>&nbsp;<\/p>\n<p>&nbsp;<\/p>\n<p><strong>H\u00f4pital Djillali Bouna\u00e2ma <\/strong><strong>de<\/strong><strong> Douera<\/strong><\/p>\n<p><strong><a href=\"https:\/\/www.google.com\/search?rlz=1C1GCEA_enDZ817DZ817&amp;q=yahoo!+cr%C3%A9ation&amp;stick=H4sIAAAAAAAAAOPgE-LUz9U3MLQsyjHTUs1OttLPL0pPzMusSizJzM9D4Vil5ZfmpaSmLGIVqEzMyM9XVEguOrwSLAUA9KKpB0cAAAA&amp;sa=X&amp;ved=2ahUKEwjLtJzRs_fhAhW75OAKHZCtBEoQ6BMoADARegQICxAG\">Cr\u00e9ation<\/a><\/strong>\u00a0:\u00a01923<\/p>\n<p>Directeur :<\/p>\n<p><strong><a href=\"https:\/\/www.google.com\/search?rlz=1C1GCEA_enDZ817DZ817&amp;q=yahoo!+si%C3%A8ge+social&amp;stick=H4sIAAAAAAAAAOPgE-LUz9U3MLQsyjHT0spOttLPL0pPzMusSizJzM9D4VhlpCamFJYmFpWkFhUvYhWpTMzIz1dUKM48vCI9VaE4PzkzMQcA-b6JblAAAAA&amp;sa=X&amp;ved=2ahUKEwjLtJzRs_fhAhW75OAKHZCtBEoQ6BMoADATegQICxAN\">Si\u00e8ge social<\/a><\/strong>\u00a0:\u00a0Rue des Fr\u00e8res Halim, Douera, 16000, Alger, Alg\u00e9rie.<\/p>\n<p>Contacts: <strong>T\u00e9l.<\/strong> +213 021 41 76 77 <strong>Fax.<\/strong>\u00a0+213 021 41 62 25<\/p>\n<p>Site web:<\/p>\n<p><strong>Objet du partenariat:<\/strong><\/p>\n<p><strong>Dur\u00e9e de la convention\u00a0:<\/strong><\/p>\n<p>&nbsp;<\/p>\n<p><strong>\u00a0<\/strong><\/p>\n<p><strong>\u00a0\u00a0\u00a0\u00a0\u00a0\u00a0\u00a0\u00a0\u00a0\u00a0\u00a0\u00a0\u00a0\u00a0\u00a0\u00a0\u00a0\u00a0\u00a0\u00a0\u00a0\u00a0\u00a0\u00a0\u00a0\u00a0 <\/strong><\/p>\n<p><strong>\u00a0<\/strong>[\/vc_column_text][\/vc_column][\/vc_row]<\/p>\n","protected":false},"excerpt":{"rendered":"<p>[vc_row][vc_column][vc_column_text] Partenaires du CDTA Universit\u00e9s &nbsp; &nbsp; Universit\u00e9 Abderrahmane MIRA de Beja\u00efa Cr\u00e9ation\u00a0:\u00a01983 Recteur : Pr SAIDANI B. Si\u00e8ge social\u00a0:\u00a0Campus Aboudaou Route de Tichy RN9 &#8211;\u00a0B\u00e9jaia Contacts\u00a0: T\u00e9l.\u00a000213 34 81 68 20 \u00a0Fax.\u00a000213 34 81 68 20 Site web: https:\/\/www.univ-bejaia.dz\/ Objet de la convention: Convention de coop\u00e9ration Dur\u00e9e de la convention\u00a0: 03\/2009-02\/2012 \u00a0 &nbsp; Universit\u00e9 [&hellip;]<\/p>\n","protected":false},"author":46,"featured_media":5801,"parent":5838,"menu_order":0,"comment_status":"closed","ping_status":"closed","template":"","meta":{"footnotes":""},"class_list":["post-5862","page","type-page","status-publish","has-post-thumbnail","hentry"],"_links":{"self":[{"href":"https:\/\/www.cdta.dz\/fr\/wp-json\/wp\/v2\/pages\/5862\/"}],"collection":[{"href":"https:\/\/www.cdta.dz\/fr\/wp-json\/wp\/v2\/pages\/"}],"about":[{"href":"https:\/\/www.cdta.dz\/fr\/wp-json\/wp\/v2\/types\/page\/"}],"author":[{"embeddable":true,"href":"https:\/\/www.cdta.dz\/fr\/wp-json\/wp\/v2\/users\/46\/"}],"replies":[{"embeddable":true,"href":"https:\/\/www.cdta.dz\/fr\/wp-json\/wp\/v2\/comments\/?post=5862"}],"version-history":[{"count":0,"href":"https:\/\/www.cdta.dz\/fr\/wp-json\/wp\/v2\/pages\/5862\/revisions\/"}],"up":[{"embeddable":true,"href":"https:\/\/www.cdta.dz\/fr\/wp-json\/wp\/v2\/pages\/5838\/"}],"wp:featuredmedia":[{"embeddable":true,"href":"https:\/\/www.cdta.dz\/fr\/wp-json\/wp\/v2\/media\/5801\/"}],"wp:attachment":[{"href":"https:\/\/www.cdta.dz\/fr\/wp-json\/wp\/v2\/media\/?parent=5862"}],"curies":[{"name":"wp","href":"https:\/\/api.w.org\/{rel}","templated":true}]}}